{"id":80,"date":"2022-05-19T12:56:14","date_gmt":"2022-05-19T12:56:14","guid":{"rendered":"https:\/\/aldear.000webhostapp.com\/?page_id=80"},"modified":"2022-08-23T10:39:26","modified_gmt":"2022-08-23T10:39:26","slug":"casa-quindos","status":"publish","type":"page","link":"https:\/\/aldear.me\/?page_id=80","title":{"rendered":"Casa Quind\u00f3s"},"content":{"rendered":"\r\n<p lang=\"gl-ES\"><span style=\"color: #000000;\"><span style=\"font-family: Lekton;\"><span style=\"font-size: large;\">Casa Quind\u00f3s \u00e9 un centro cultural, pero sobre todo unha casa que quer vertebrarse co seu entorno. Diversos proxectos de agricultura, gandar\u00eda e patrimonio te\u00f1en por fin recuperar e darlle un uso \u00e1s terras de Vilela, procurando a s\u00faa autosuficiencia e sostibilidade, lle, de paso, minorar o risco de incendios. Pretendemos que o proxecto sexa, as\u00ed mesmo, dinamizador doutras iniciativas dos sectores agro-gandeiro, turi\u0301stico, sociocomunitario lle ambiental na zona, con car\u00e1cter sensibilizador, tanto pra poboaci\u00f3n local coma pros que nos visiten de f\u00f3ra. Ser, en definitiva, un espazo de experimentaci\u00f3n\u00a0de desenvolvemento rural que axude a atopar soluciois frente \u00e1s variadas problem\u00e1ticas que encara a monta\u00f1a lucense.<\/span><\/span><\/span><\/p>\r\n<p><a href=\"https:\/\/casaquindos.org\/\"><span style=\"color: #000000;\"><span style=\"font-family: Lekton;\"><span style=\"font-size: large;\"><span lang=\"gl-ES\">https:\/\/casaquindos.org\/<\/span><\/span><\/span><\/span><\/a><\/p>\r\n<p lang=\"gl-ES\"><a href=\"https:\/\/goo.gl\/maps\/aV4jKUG3JMydy3CS9\"><span style=\"color: #000000;\"><span style=\"font-family: Lekton;\"><span style=\"font-size: large;\">https:\/\/goo.gl\/maps\/aV4jKUG3JMydy3CS9<\/span><\/span><\/span><\/a><\/p>\r\n<p lang=\"gl-ES\"><img loading=\"lazy\" decoding=\"async\" class=\"alignnone  wp-image-235\" src=\"https:\/\/aldear.000webhostapp.com\/wp-content\/uploads\/2022\/08\/oliver-RESIDENCIA-2-300x200.jpeg\" alt=\"\" width=\"612\" height=\"408\" srcset=\"https:\/\/aldear.me\/wp-content\/uploads\/2022\/08\/oliver-RESIDENCIA-2-300x200.jpeg 300w, https:\/\/aldear.me\/wp-content\/uploads\/2022\/08\/oliver-RESIDENCIA-2-1024x682.jpeg 1024w, https:\/\/aldear.me\/wp-content\/uploads\/2022\/08\/oliver-RESIDENCIA-2-768x512.jpeg 768w, https:\/\/aldear.me\/wp-content\/uploads\/2022\/08\/oliver-RESIDENCIA-2-1536x1023.jpeg 1536w, https:\/\/aldear.me\/wp-content\/uploads\/2022\/08\/oliver-RESIDENCIA-2-850x566.jpeg 850w, https:\/\/aldear.me\/wp-content\/uploads\/2022\/08\/oliver-RESIDENCIA-2.jpeg 1600w\" sizes=\"auto, (max-width: 612px) 100vw, 612px\" \/><\/p>\r\n","protected":false},"excerpt":{"rendered":"<p>Casa Quind\u00f3s \u00e9 un centro cultural, pero sobre todo unha casa que quer vertebrarse co seu entorno. Diversos proxectos de agricultura, gandar\u00eda e patrimonio te\u00f1en por fin recuperar e darlle un uso \u00e1s terras de Vilela, procurando a s\u00faa autosuficiencia e sostibilidade, lle, de paso, minorar o risco de incendios. Pretendemos que o proxecto sexa,&#8230;<\/p>\n","protected":false},"author":1,"featured_media":0,"parent":0,"menu_order":0,"comment_status":"closed","ping_status":"closed","template":"","meta":{"_monsterinsights_skip_tracking":false,"_monsterinsights_sitenote_active":false,"_monsterinsights_sitenote_note":"","_monsterinsights_sitenote_category":0,"footnotes":""},"class_list":["post-80","page","type-page","status-publish","hentry"],"_links":{"self":[{"href":"https:\/\/aldear.me\/index.php?rest_route=\/wp\/v2\/pages\/80","targetHints":{"allow":["GET"]}}],"collection":[{"href":"https:\/\/aldear.me\/index.php?rest_route=\/wp\/v2\/pages"}],"about":[{"href":"https:\/\/aldear.me\/index.php?rest_route=\/wp\/v2\/types\/page"}],"author":[{"embeddable":true,"href":"https:\/\/aldear.me\/index.php?rest_route=\/wp\/v2\/users\/1"}],"replies":[{"embeddable":true,"href":"https:\/\/aldear.me\/index.php?rest_route=%2Fwp%2Fv2%2Fcomments&post=80"}],"version-history":[{"count":7,"href":"https:\/\/aldear.me\/index.php?rest_route=\/wp\/v2\/pages\/80\/revisions"}],"predecessor-version":[{"id":239,"href":"https:\/\/aldear.me\/index.php?rest_route=\/wp\/v2\/pages\/80\/revisions\/239"}],"wp:attachment":[{"href":"https:\/\/aldear.me\/index.php?rest_route=%2Fwp%2Fv2%2Fmedia&parent=80"}],"curies":[{"name":"wp","href":"https:\/\/api.w.org\/{rel}","templated":true}]}}